{"id":7216,"date":"2025-02-24T23:57:01","date_gmt":"2025-02-24T22:57:01","guid":{"rendered":"https:\/\/www.caritasbaribitonto.it\/public\/home\/?page_id=7216"},"modified":"2025-12-12T10:50:09","modified_gmt":"2025-12-12T09:50:09","slug":"home-3","status":"publish","type":"page","link":"https:\/\/www.caritasbaribitonto.it\/public\/home\/","title":{"rendered":"Caritas Bari-Bitonto"},"content":{"rendered":"\n<header class=\"wp-block-uagb-container uagb-layout-flex uagb-block-b8392019 alignfull uagb-is-root-container\"><div class=\"uagb-container-inner-blocks-wrap\">\n<div class=\"wp-block-uagb-info-box uagb-block-8d4e7a45 uagb-infobox__content-wrap  uagb-infobox-icon-above-title uagb-infobox-image-valign-top\"><div class=\"uagb-ifb-content\"><div class=\"uagb-ifb-title-wrap\"><h2 class=\"uagb-ifb-title\">La Carit\u00e0 \u00e8 disarmante<\/h2><\/div><\/div><\/div>\n<\/div><\/header>\n\n\n\n<div class=\"wp-block-uagb-container uagb-layout-flex uagb-block-8braz6i5 alignwide uagb-is-root-container\">\n<div class=\"wp-block-uagb-info-box uagb-block-hzr3gr44 uagb-infobox__content-wrap  uagb-infobox-icon-above-title uagb-infobox-image-valign-top\"><div class=\"uagb-ifb-content\"><div class=\"uagb-ifb-title-wrap\"><h1 class=\"uagb-ifb-title\">Caritas Bari-Bitonto<\/h1><\/div><p class=\"uagb-ifb-desc\">esplora le aree e gli ambiti di servizio della nostra Caritas<\/p><\/div><\/div>\n<\/div>\n\n\n\n<div class=\"wp-block-uagb-container uagb-layout-flex uagb-block-au5gllxf alignwide uagb-is-root-container\">\n<div class=\"wp-block-uagb-container uagb-layout-flex uagb-block-0vrtktj3\">\n<div class=\"wp-block-uagb-info-box uagb-block-w8hiwtkg uagb-infobox__content-wrap  uagb-infobox_cta-type-all uagb-infobox-icon-below-title uagb-infobox-image-valign-top\"><a href=\"https:\/\/www.caritasbaribitonto.it\/public\/home\/chi-siamo\/\" class=\"uagb-infobox-link-wrap uagb-infbox__link-to-all\" target=\"_self\" aria-label=\"Infobox Link\" rel=\"noopener noreferrer\" onclick=\"return true;\"><\/a><div class=\"uagb-ifb-content\"><div class=\"uagb-ifb-title-wrap\"><h3 class=\"uagb-ifb-title\">&#8220;Da questo vi riconosceranno&#8221;<\/h3><\/div><div class=\"uagb-ifb-image-content\"><img decoding=\"async\" src=\"https:\/\/www.caritasbaribitonto.it\/public\/home\/img\/uploads\/2025\/04\/Teal-and-Orange-Roadside-Motivational-Rest-Quote-Animated-Social-Media-1-150x150.png\" alt=\"\" width=\"\" height=\"0\" loading=\"lazy\"\/><\/div><div class=\"uagb-ifb-button-wrapper wp-block-button\"><\/div><\/div><\/div>\n\n\n\n<div class=\"wp-block-buttons is-horizontal is-content-justification-center is-layout-flex wp-container-core-buttons-is-layout-6bd4d9d1 wp-block-buttons-is-layout-flex\">\n<div class=\"wp-block-button is-style-fill\"><a class=\"wp-block-button__link has-vivid-red-color has-white-background-color has-text-color has-background has-link-color has-custom-font-size wp-element-button\" href=\"https:\/\/www.caritasbaribitonto.it\/public\/home\/chi-siamo\/\" style=\"border-radius:26px;font-size:16px;font-style:normal;font-weight:700\">CHI SIAMO<\/a><\/div>\n<\/div>\n<\/div>\n\n\n\n<div class=\"wp-block-uagb-container uagb-block-et3s9slf\">\n<div class=\"wp-block-uagb-info-box uagb-block-c980fadc uagb-infobox__content-wrap  uagb-infobox_cta-type-all uagb-infobox-icon-below-title uagb-infobox-image-valign-top\"><a href=\"https:\/\/www.caritasbaribitonto.it\/public\/home\/ascolto-osservazione-formazione\/\" class=\"uagb-infobox-link-wrap uagb-infbox__link-to-all\" target=\"_self\" aria-label=\"Infobox Link\" rel=\"noopener noreferrer\" onclick=\"return true;\"><\/a><div class=\"uagb-ifb-content\"><div class=\"uagb-ifb-title-wrap\"><h3 class=\"uagb-ifb-title\">&#8220;Cosa vuoi che io <br>faccia per te?&#8221;<\/h3><\/div><div class=\"uagb-ifb-image-content\"><img decoding=\"async\" src=\"https:\/\/www.caritasbaribitonto.it\/public\/home\/img\/uploads\/2025\/04\/Teal-and-Orange-Roadside-Motivational-Rest-Quote-Animated-Social-Media-2-150x150.png\" alt=\"\" width=\"\" height=\"0\" loading=\"lazy\"\/><\/div><div class=\"uagb-ifb-button-wrapper wp-block-button\"><\/div><\/div><\/div>\n\n\n\n<div class=\"wp-block-buttons is-content-justification-center is-layout-flex wp-container-core-buttons-is-layout-a89b3969 wp-block-buttons-is-layout-flex\">\n<div class=\"wp-block-button\"><a class=\"wp-block-button__link has-vivid-red-color has-white-background-color has-text-color has-background has-link-color has-custom-font-size wp-element-button\" href=\"https:\/\/www.caritasbaribitonto.it\/public\/home\/ascolto-osservazione-formazione\/\" style=\"border-radius:26px;font-size:16px;font-style:normal;font-weight:700\">ASCOLTO, OSSERVAZIONE, FORMAZIONE<\/a><\/div>\n<\/div>\n<\/div>\n\n\n\n<div class=\"wp-block-uagb-container uagb-layout-flex uagb-block-b24e7579\">\n<div class=\"wp-block-uagb-info-box uagb-block-871ac2b3 uagb-infobox__content-wrap  uagb-infobox_cta-type-all uagb-infobox-icon-below-title uagb-infobox-image-valign-top\"><a href=\"https:\/\/www.caritasbaribitonto.it\/public\/home\/mense-caritas-bari-bitonto\/\" class=\"uagb-infobox-link-wrap uagb-infbox__link-to-all\" target=\"_self\" aria-label=\"Infobox Link\" rel=\"noopener noreferrer\" onclick=\"return true;\"><\/a><div class=\"uagb-ifb-content\"><div class=\"uagb-ifb-title-wrap\"><h3 class=\"uagb-ifb-title\">&#8220;Spezz\u00f2 il pane e li divise fra tutti&#8221;<\/h3><\/div><div class=\"uagb-ifb-image-content\"><img decoding=\"async\" src=\"https:\/\/www.caritasbaribitonto.it\/public\/home\/img\/uploads\/2025\/04\/CaritasBariBitonto-Icon-150x150.png\" alt=\"\" width=\"\" height=\"0\" loading=\"lazy\"\/><\/div><div class=\"uagb-ifb-button-wrapper wp-block-button\"><\/div><\/div><\/div>\n\n\n\n<div class=\"wp-block-buttons is-horizontal is-content-justification-center is-layout-flex wp-container-core-buttons-is-layout-6bd4d9d1 wp-block-buttons-is-layout-flex\">\n<div class=\"wp-block-button is-style-fill\"><a class=\"wp-block-button__link has-vivid-red-color has-white-background-color has-text-color has-background has-link-color has-custom-font-size wp-element-button\" href=\"https:\/\/www.caritasbaribitonto.it\/public\/home\/mense-caritas-bari-bitonto\/\" style=\"border-radius:26px;font-size:16px;font-style:normal;font-weight:700\">MENSE<\/a><\/div>\n<\/div>\n<\/div>\n\n\n\n<div class=\"wp-block-uagb-container uagb-layout-flex uagb-block-3cebfac1\">\n<div class=\"wp-block-uagb-info-box uagb-block-63082f03 uagb-infobox__content-wrap  uagb-infobox_cta-type-all uagb-infobox-icon-below-title uagb-infobox-image-valign-top\"><a href=\"https:\/\/www.caritasbaribitonto.it\/public\/home\/accoglienza\/\" class=\"uagb-infobox-link-wrap uagb-infbox__link-to-all\" target=\"_self\" aria-label=\"Infobox Link\" rel=\"noopener noreferrer\" onclick=\"return true;\"><\/a><div class=\"uagb-ifb-content\"><div class=\"uagb-ifb-title-wrap\"><h3 class=\"uagb-ifb-title\">&#8220;Ero straniero e mi avete accolto&#8221;<\/h3><\/div><div class=\"uagb-ifb-image-content\"><img decoding=\"async\" src=\"https:\/\/www.caritasbaribitonto.it\/public\/home\/img\/uploads\/2025\/04\/CaritasBariBitonto-Icon-1-150x150.png\" alt=\"\" width=\"\" height=\"0\" loading=\"lazy\"\/><\/div><div class=\"uagb-ifb-button-wrapper wp-block-button\"><\/div><\/div><\/div>\n\n\n\n<div class=\"wp-block-buttons is-horizontal is-content-justification-center is-layout-flex wp-container-core-buttons-is-layout-6bd4d9d1 wp-block-buttons-is-layout-flex\">\n<div class=\"wp-block-button\"><a class=\"wp-block-button__link has-vivid-red-color has-white-background-color has-text-color has-background has-link-color has-custom-font-size wp-element-button\" href=\"https:\/\/www.caritasbaribitonto.it\/public\/home\/accoglienza\/\" style=\"border-radius:26px;font-size:16px;font-style:normal;font-weight:700\">ACCOGLIENZA<\/a><\/div>\n<\/div>\n<\/div>\n<\/div>\n\n\n\n<div class=\"wp-block-uagb-container uagb-layout-flex uagb-block-59d70bdf alignwide uagb-is-root-container\">\n<div class=\"wp-block-uagb-container uagb-layout-flex uagb-block-5cec841d\">\n<div class=\"wp-block-uagb-info-box uagb-block-6e2c7a61 uagb-infobox__content-wrap  uagb-infobox_cta-type-all uagb-infobox-icon-below-title uagb-infobox-image-valign-top\"><a href=\"https:\/\/www.caritasbaribitonto.it\/public\/home\/giovani-volontariato\/\" class=\"uagb-infobox-link-wrap uagb-infbox__link-to-all\" target=\"_self\" aria-label=\"Infobox Link\" rel=\"noopener noreferrer\" onclick=\"return true;\"><\/a><div class=\"uagb-ifb-content\"><div class=\"uagb-ifb-title-wrap\"><h3 class=\"uagb-ifb-title\">&#8220;Eccomi <br>manda me&#8221;<br><\/h3><\/div><div class=\"uagb-ifb-image-content\"><img decoding=\"async\" src=\"https:\/\/www.caritasbaribitonto.it\/public\/home\/img\/uploads\/2025\/04\/CaritasBariBitonto-Icon-2-150x150.png\" alt=\"\" width=\"\" height=\"0\" loading=\"lazy\"\/><\/div><div class=\"uagb-ifb-button-wrapper wp-block-button\"><\/div><\/div><\/div>\n\n\n\n<div class=\"wp-block-buttons is-horizontal is-content-justification-center is-layout-flex wp-container-core-buttons-is-layout-6bd4d9d1 wp-block-buttons-is-layout-flex\">\n<div class=\"wp-block-button is-style-fill\"><a class=\"wp-block-button__link has-vivid-red-color has-white-background-color has-text-color has-background has-link-color has-custom-font-size wp-element-button\" href=\"https:\/\/www.caritasbaribitonto.it\/public\/home\/giovani-volontariato\/\" style=\"border-radius:26px;font-size:16px;font-style:normal;font-weight:700\">GIOVANI &amp; SERVIZIO CIVILE<\/a><\/div>\n<\/div>\n<\/div>\n\n\n\n<div class=\"wp-block-uagb-container uagb-block-f5ba3710\">\n<div class=\"wp-block-uagb-info-box uagb-block-080527d8 uagb-infobox__content-wrap  uagb-infobox_cta-type-all uagb-infobox-icon-below-title uagb-infobox-image-valign-top\"><a href=\"https:\/\/www.caritasbaribitonto.it\/public\/home\/ecologia-integrale\/\" class=\"uagb-infobox-link-wrap uagb-infbox__link-to-all\" target=\"_self\" aria-label=\"Infobox Link\" rel=\"noopener noreferrer\" onclick=\"return true;\"><\/a><div class=\"uagb-ifb-content\"><div class=\"uagb-ifb-title-wrap\"><h3 class=\"uagb-ifb-title\">&#8220;P<em>ose l&#8217;uomo nel giardino dell&#8217;Eden<\/em>&#8220;<\/h3><\/div><div class=\"uagb-ifb-image-content\"><img decoding=\"async\" src=\"https:\/\/www.caritasbaribitonto.it\/public\/home\/img\/uploads\/2025\/04\/CaritasBariBitonto-Icon-4-150x150.png\" alt=\"\" width=\"\" height=\"0\" loading=\"lazy\"\/><\/div><div class=\"uagb-ifb-button-wrapper wp-block-button\"><\/div><\/div><\/div>\n\n\n\n<div class=\"wp-block-buttons is-content-justification-center is-layout-flex wp-container-core-buttons-is-layout-a89b3969 wp-block-buttons-is-layout-flex\">\n<div class=\"wp-block-button\"><a class=\"wp-block-button__link has-vivid-red-color has-white-background-color has-text-color has-background has-link-color has-custom-font-size wp-element-button\" href=\"https:\/\/www.caritasbaribitonto.it\/public\/home\/ecologia-integrale\/\" style=\"border-radius:26px;font-size:16px;font-style:normal;font-weight:700\">ECOLOGIA INTEGRALE<\/a><\/div>\n<\/div>\n<\/div>\n\n\n\n<div class=\"wp-block-uagb-container uagb-layout-flex uagb-block-597b3d53\">\n<div class=\"wp-block-uagb-info-box uagb-block-c9ecc832 uagb-infobox__content-wrap  uagb-infobox_cta-type-all uagb-infobox-icon-below-title uagb-infobox-image-valign-top\"><a href=\"https:\/\/www.caritasbaribitonto.it\/public\/home\/immigrazione-mondialita\/\" class=\"uagb-infobox-link-wrap uagb-infbox__link-to-all\" target=\"_self\" aria-label=\"Infobox Link\" rel=\"noopener noreferrer\" onclick=\"return true;\"><\/a><div class=\"uagb-ifb-content\"><div class=\"uagb-ifb-title-wrap\"><h3 class=\"uagb-ifb-title\">&#8220;Entrer\u00e0 e uscir\u00e0 e trover\u00e0 pascolo&#8221;<\/h3><\/div><div class=\"uagb-ifb-image-content\"><img decoding=\"async\" src=\"https:\/\/www.caritasbaribitonto.it\/public\/home\/img\/uploads\/2025\/04\/CaritasBariBitonto-Icon-5-150x150.png\" alt=\"\" width=\"\" height=\"0\" loading=\"lazy\"\/><\/div><div class=\"uagb-ifb-button-wrapper wp-block-button\"><\/div><\/div><\/div>\n\n\n\n<div class=\"wp-block-buttons is-horizontal is-content-justification-center is-layout-flex wp-container-core-buttons-is-layout-6bd4d9d1 wp-block-buttons-is-layout-flex\">\n<div class=\"wp-block-button is-style-fill\"><a class=\"wp-block-button__link has-vivid-red-color has-white-background-color has-text-color has-background has-link-color has-custom-font-size wp-element-button\" href=\"https:\/\/www.caritasbaribitonto.it\/public\/home\/immigrazione-mondialita\/\" style=\"border-radius:26px;font-size:16px;font-style:normal;font-weight:700\">IMMIGRAZIONE &amp; MONDIALIT\u00c0<\/a><\/div>\n<\/div>\n<\/div>\n\n\n\n<div class=\"wp-block-uagb-container uagb-layout-flex uagb-block-a9ac1b2c\">\n<div class=\"wp-block-uagb-info-box uagb-block-b29eead8 uagb-infobox__content-wrap  uagb-infobox_cta-type-all uagb-infobox-icon-below-title uagb-infobox-image-valign-top\"><a href=\"https:\/\/www.caritasbaribitonto.it\/public\/home\/advocacy\/\" class=\"uagb-infobox-link-wrap uagb-infbox__link-to-all\" target=\"_self\" aria-label=\"Infobox Link\" rel=\"noopener noreferrer\" onclick=\"return true;\"><\/a><div class=\"uagb-ifb-content\"><div class=\"uagb-ifb-title-wrap\"><h3 class=\"uagb-ifb-title\">&#8220;Rendi giustizia all&#8217;infelice e al povero&#8221;<\/h3><\/div><div class=\"uagb-ifb-image-content\"><img decoding=\"async\" src=\"https:\/\/www.caritasbaribitonto.it\/public\/home\/img\/uploads\/2025\/04\/CaritasBariBitonto-Icon-6-150x150.png\" alt=\"\" width=\"\" height=\"0\" loading=\"lazy\"\/><\/div><div class=\"uagb-ifb-button-wrapper wp-block-button\"><\/div><\/div><\/div>\n\n\n\n<div class=\"wp-block-buttons is-horizontal is-content-justification-center is-layout-flex wp-container-core-buttons-is-layout-6bd4d9d1 wp-block-buttons-is-layout-flex\">\n<div class=\"wp-block-button\"><a class=\"wp-block-button__link has-vivid-red-color has-white-background-color has-text-color has-background has-link-color has-custom-font-size wp-element-button\" href=\"https:\/\/www.caritasbaribitonto.it\/public\/home\/advocacy\/\" style=\"border-radius:26px;font-size:16px;font-style:normal;font-weight:700\">ADVOCACY<\/a><\/div>\n<\/div>\n<\/div>\n<\/div>\n\n\n\n<div class=\"wp-block-uagb-container uagb-block-d765a95d alignfull uagb-is-root-container\"><div class=\"uagb-container-inner-blocks-wrap\">\n<div class=\"wp-block-uagb-advanced-heading uagb-block-91b5bd83\"><h3 class=\"uagb-heading-text\">Progetti<\/h3><div class=\"uagb-separator\"><\/div><p class=\"uagb-desc-text\">La Caritas Bari-Bitonto realizza diversi progetti di solidariet\u00e0 e inclusione, alcuni finanziati attraverso i fondi 8&#215;1000  CEI. Alcune iniziative speciali sono state inoltre sviluppate in occasione del Giubileo.<\/p><\/div>\n\n\n\n\t\t\t<div class=\"wp-block-uagb-post-grid uagb-post-grid  uagb-post__image-position-top uagb-post__image-enabled uagb-block-03d92454     uagb-post__items uagb-post__columns-4 is-grid uagb-post__columns-tablet-2 uagb-post__columns-mobile-2 uagb-post__equal-height\" data-total=\"1\" style=\"\">\n\n\t\t\t\t\t\t\t\t\t\t\t\t<article class=\"uagb-post__inner-wrap\">\t\t\t\t\t\t\t\t<div class='uagb-post__image'>\n\t\t\t\t\t\t\t\t\t<a href=\"https:\/\/www.caritasbaribitonto.it\/public\/home\/2025\/05\/sicar-hub\/\" target=\"_self\" rel=\"bookmark noopener noreferrer\" class='uagb-image-ratio-2-3'><img loading=\"lazy\" decoding=\"async\" width=\"1024\" height=\"582\" src=\"https:\/\/www.caritasbaribitonto.it\/public\/home\/img\/uploads\/2025\/05\/sicarhub-1024x582.png\" class=\"attachment-large size-large\" alt=\"\" srcset=\"https:\/\/www.caritasbaribitonto.it\/public\/home\/img\/uploads\/2025\/05\/sicarhub-1024x582.png 1024w, https:\/\/www.caritasbaribitonto.it\/public\/home\/img\/uploads\/2025\/05\/sicarhub-300x171.png 300w, https:\/\/www.caritasbaribitonto.it\/public\/home\/img\/uploads\/2025\/05\/sicarhub-768x437.png 768w, https:\/\/www.caritasbaribitonto.it\/public\/home\/img\/uploads\/2025\/05\/sicarhub.png 1152w\" sizes=\"auto, (max-width: 1024px) 100vw, 1024px\" \/>\t\t\t\t\t<\/a>\n\t\t\t\t\t\t\t<\/div>\n\t\t\t\t\t\t<h4 class=\"uagb-post__title uagb-post__text\">\n\t\t\t\t<a href=\"https:\/\/www.caritasbaribitonto.it\/public\/home\/2025\/05\/sicar-hub\/\" target=\"_self\" rel=\"bookmark noopener noreferrer\">Sicar-hub<\/a>\n\t\t\t<\/h4>\n\t\t\t\t\t\t<div class='uagb-post__text uagb-post-grid-byline'>\n\t\t\t\t\t\t\t<\/div>\n\t\t\t\t\t\t\t<div class='uagb-post__text uagb-post__excerpt'>\n\t\t\t\t\t<p>SICAR HUB: quando l\u2019accoglienza diventa cura, e la cura diventa futuro&#8230;\t\t\t\t<\/div>\n\t\t\t\n\t\t\t\t\t\t\t\t<a class=\"uagb-post__link-complete-box\" href=\"https:\/\/www.caritasbaribitonto.it\/public\/home\/2025\/05\/sicar-hub\/\" target=\"_self\" rel=\"bookmark noopener noreferrer\"><\/a>\n\t\t\t\t\t\t\t<\/article>\n\t\t\t\t\t\t\t\t\t\t\t\t\t\t\t\t<article class=\"uagb-post__inner-wrap\">\t\t\t\t\t\t\t\t<div class='uagb-post__image'>\n\t\t\t\t\t\t\t\t\t<a href=\"https:\/\/www.caritasbaribitonto.it\/public\/home\/2025\/06\/le-ali-di-bartimeo\/\" target=\"_self\" rel=\"bookmark noopener noreferrer\" class='uagb-image-ratio-2-3'><img loading=\"lazy\" decoding=\"async\" width=\"1024\" height=\"683\" src=\"https:\/\/www.caritasbaribitonto.it\/public\/home\/img\/uploads\/2025\/06\/ChatGPT-Image-10-nov-2025-19_12_49-1024x683.png\" class=\"attachment-large size-large\" alt=\"\" srcset=\"https:\/\/www.caritasbaribitonto.it\/public\/home\/img\/uploads\/2025\/06\/ChatGPT-Image-10-nov-2025-19_12_49-1024x683.png 1024w, https:\/\/www.caritasbaribitonto.it\/public\/home\/img\/uploads\/2025\/06\/ChatGPT-Image-10-nov-2025-19_12_49-300x200.png 300w, https:\/\/www.caritasbaribitonto.it\/public\/home\/img\/uploads\/2025\/06\/ChatGPT-Image-10-nov-2025-19_12_49-768x512.png 768w, https:\/\/www.caritasbaribitonto.it\/public\/home\/img\/uploads\/2025\/06\/ChatGPT-Image-10-nov-2025-19_12_49.png 1536w\" sizes=\"auto, (max-width: 1024px) 100vw, 1024px\" \/>\t\t\t\t\t<\/a>\n\t\t\t\t\t\t\t<\/div>\n\t\t\t\t\t\t<h4 class=\"uagb-post__title uagb-post__text\">\n\t\t\t\t<a href=\"https:\/\/www.caritasbaribitonto.it\/public\/home\/2025\/06\/le-ali-di-bartimeo\/\" target=\"_self\" rel=\"bookmark noopener noreferrer\">Le Ali di Bartimeo<\/a>\n\t\t\t<\/h4>\n\t\t\t\t\t\t<div class='uagb-post__text uagb-post-grid-byline'>\n\t\t\t\t\t\t\t<\/div>\n\t\t\t\t\t\t\t<div class='uagb-post__text uagb-post__excerpt'>\n\t\t\t\t\t<p>Il progetto &#8220;Le Ali di Bartimeo&#8221;, promosso dalla Caritas Diocesana di&#8230;\t\t\t\t<\/div>\n\t\t\t\n\t\t\t\t\t\t\t\t<a class=\"uagb-post__link-complete-box\" href=\"https:\/\/www.caritasbaribitonto.it\/public\/home\/2025\/06\/le-ali-di-bartimeo\/\" target=\"_self\" rel=\"bookmark noopener noreferrer\"><\/a>\n\t\t\t\t\t\t\t<\/article>\n\t\t\t\t\t\t\t\t\t\t\t\t\t\t\t\t<article class=\"uagb-post__inner-wrap\">\t\t\t\t\t\t\t\t<div class='uagb-post__image'>\n\t\t\t\t\t\t\t\t\t<a href=\"https:\/\/www.caritasbaribitonto.it\/public\/home\/2025\/06\/jobel\/\" target=\"_self\" rel=\"bookmark noopener noreferrer\" class='uagb-image-ratio-2-3'><img loading=\"lazy\" decoding=\"async\" width=\"940\" height=\"788\" src=\"https:\/\/www.caritasbaribitonto.it\/public\/home\/img\/uploads\/2025\/06\/WhatsApp-Image-2025-11-27-at-07.52.45.jpeg\" class=\"attachment-large size-large\" alt=\"\" srcset=\"https:\/\/www.caritasbaribitonto.it\/public\/home\/img\/uploads\/2025\/06\/WhatsApp-Image-2025-11-27-at-07.52.45.jpeg 940w, https:\/\/www.caritasbaribitonto.it\/public\/home\/img\/uploads\/2025\/06\/WhatsApp-Image-2025-11-27-at-07.52.45-300x251.jpeg 300w, https:\/\/www.caritasbaribitonto.it\/public\/home\/img\/uploads\/2025\/06\/WhatsApp-Image-2025-11-27-at-07.52.45-768x644.jpeg 768w\" sizes=\"auto, (max-width: 940px) 100vw, 940px\" \/>\t\t\t\t\t<\/a>\n\t\t\t\t\t\t\t<\/div>\n\t\t\t\t\t\t<h4 class=\"uagb-post__title uagb-post__text\">\n\t\t\t\t<a href=\"https:\/\/www.caritasbaribitonto.it\/public\/home\/2025\/06\/jobel\/\" target=\"_self\" rel=\"bookmark noopener noreferrer\">Jobel<\/a>\n\t\t\t<\/h4>\n\t\t\t\t\t\t<div class='uagb-post__text uagb-post-grid-byline'>\n\t\t\t\t\t\t\t<\/div>\n\t\t\t\t\t\t\t<div class='uagb-post__text uagb-post__excerpt'>\n\t\t\t\t\t<p>L&#8217;idea progettuale di Jobel nasce dall&#8217;urgenza di promuovere una cultura della&#8230;\t\t\t\t<\/div>\n\t\t\t\n\t\t\t\t\t\t\t\t<a class=\"uagb-post__link-complete-box\" href=\"https:\/\/www.caritasbaribitonto.it\/public\/home\/2025\/06\/jobel\/\" target=\"_self\" rel=\"bookmark noopener noreferrer\"><\/a>\n\t\t\t\t\t\t\t<\/article>\n\t\t\t\t\t\t\t\t\t\t\t\t\t\t\t\t<article class=\"uagb-post__inner-wrap\">\t\t\t\t\t\t\t\t<div class='uagb-post__image'>\n\t\t\t\t\t\t\t\t\t<a href=\"https:\/\/www.caritasbaribitonto.it\/public\/home\/2025\/07\/percorsi-di-speranza\/\" target=\"_self\" rel=\"bookmark noopener noreferrer\" class='uagb-image-ratio-2-3'><img loading=\"lazy\" decoding=\"async\" width=\"564\" height=\"564\" src=\"https:\/\/www.caritasbaribitonto.it\/public\/home\/img\/uploads\/2025\/03\/about-06.jpg\" class=\"attachment-large size-large\" alt=\"\" srcset=\"https:\/\/www.caritasbaribitonto.it\/public\/home\/img\/uploads\/2025\/03\/about-06.jpg 564w, https:\/\/www.caritasbaribitonto.it\/public\/home\/img\/uploads\/2025\/03\/about-06-300x300.jpg 300w, https:\/\/www.caritasbaribitonto.it\/public\/home\/img\/uploads\/2025\/03\/about-06-150x150.jpg 150w\" sizes=\"auto, (max-width: 564px) 100vw, 564px\" \/>\t\t\t\t\t<\/a>\n\t\t\t\t\t\t\t<\/div>\n\t\t\t\t\t\t<h4 class=\"uagb-post__title uagb-post__text\">\n\t\t\t\t<a href=\"https:\/\/www.caritasbaribitonto.it\/public\/home\/2025\/07\/percorsi-di-speranza\/\" target=\"_self\" rel=\"bookmark noopener noreferrer\">Percorsi di Speranza<\/a>\n\t\t\t<\/h4>\n\t\t\t\t\t\t<div class='uagb-post__text uagb-post-grid-byline'>\n\t\t\t\t\t\t\t<\/div>\n\t\t\t\t\t\t\t<div class='uagb-post__text uagb-post__excerpt'>\n\t\t\t\t\t<p>Il progetto &#8220;Percorsi di Speranza: Inclusione e Dialogo nelle Citt\u00e0 Metropolitane&#8230;\t\t\t\t<\/div>\n\t\t\t\n\t\t\t\t\t\t\t\t<a class=\"uagb-post__link-complete-box\" href=\"https:\/\/www.caritasbaribitonto.it\/public\/home\/2025\/07\/percorsi-di-speranza\/\" target=\"_self\" rel=\"bookmark noopener noreferrer\"><\/a>\n\t\t\t\t\t\t\t<\/article>\n\t\t\t\t\t\t\t\t\t\t\t\t\t\t\t\t<article class=\"uagb-post__inner-wrap\">\t\t\t\t\t\t\t\t<div class='uagb-post__image'>\n\t\t\t\t\t\t\t\t\t<a href=\"https:\/\/www.caritasbaribitonto.it\/public\/home\/2025\/07\/riscopriamo-talenti\/\" target=\"_self\" rel=\"bookmark noopener noreferrer\" class='uagb-image-ratio-2-3'><img loading=\"lazy\" decoding=\"async\" width=\"340\" height=\"193\" src=\"https:\/\/www.caritasbaribitonto.it\/public\/home\/img\/uploads\/2025\/11\/image-1.png\" class=\"attachment-large size-large\" alt=\"\" srcset=\"https:\/\/www.caritasbaribitonto.it\/public\/home\/img\/uploads\/2025\/11\/image-1.png 340w, https:\/\/www.caritasbaribitonto.it\/public\/home\/img\/uploads\/2025\/11\/image-1-300x170.png 300w\" sizes=\"auto, (max-width: 340px) 100vw, 340px\" \/>\t\t\t\t\t<\/a>\n\t\t\t\t\t\t\t<\/div>\n\t\t\t\t\t\t<h4 class=\"uagb-post__title uagb-post__text\">\n\t\t\t\t<a href=\"https:\/\/www.caritasbaribitonto.it\/public\/home\/2025\/07\/riscopriamo-talenti\/\" target=\"_self\" rel=\"bookmark noopener noreferrer\">Riscopriamo Talenti<\/a>\n\t\t\t<\/h4>\n\t\t\t\t\t\t<div class='uagb-post__text uagb-post-grid-byline'>\n\t\t\t\t\t\t\t<\/div>\n\t\t\t\t\t\t\t<div class='uagb-post__text uagb-post__excerpt'>\n\t\t\t\t\t<p>L\u2019evoluzione degli scenari del mondo del lavoro e alcuni recenti interventi&#8230;\t\t\t\t<\/div>\n\t\t\t\n\t\t\t\t\t\t\t\t<a class=\"uagb-post__link-complete-box\" href=\"https:\/\/www.caritasbaribitonto.it\/public\/home\/2025\/07\/riscopriamo-talenti\/\" target=\"_self\" rel=\"bookmark noopener noreferrer\"><\/a>\n\t\t\t\t\t\t\t<\/article>\n\t\t\t\t\t\t\t\t\t\t\t\t\t\t\t\t<article class=\"uagb-post__inner-wrap\">\t\t\t\t\t\t\t\t<div class='uagb-post__image'>\n\t\t\t\t\t\t\t\t\t<a href=\"https:\/\/www.caritasbaribitonto.it\/public\/home\/2025\/08\/mi-fido-di-noi\/\" target=\"_self\" rel=\"bookmark noopener noreferrer\" class='uagb-image-ratio-2-3'><img loading=\"lazy\" decoding=\"async\" width=\"980\" height=\"714\" src=\"https:\/\/www.caritasbaribitonto.it\/public\/home\/img\/uploads\/2025\/11\/microcreditoCaritas.jpg\" class=\"attachment-large size-large\" alt=\"\" srcset=\"https:\/\/www.caritasbaribitonto.it\/public\/home\/img\/uploads\/2025\/11\/microcreditoCaritas.jpg 980w, https:\/\/www.caritasbaribitonto.it\/public\/home\/img\/uploads\/2025\/11\/microcreditoCaritas-300x219.jpg 300w, https:\/\/www.caritasbaribitonto.it\/public\/home\/img\/uploads\/2025\/11\/microcreditoCaritas-768x560.jpg 768w\" sizes=\"auto, (max-width: 980px) 100vw, 980px\" \/>\t\t\t\t\t<\/a>\n\t\t\t\t\t\t\t<\/div>\n\t\t\t\t\t\t<h4 class=\"uagb-post__title uagb-post__text\">\n\t\t\t\t<a href=\"https:\/\/www.caritasbaribitonto.it\/public\/home\/2025\/08\/mi-fido-di-noi\/\" target=\"_self\" rel=\"bookmark noopener noreferrer\">Mi fido di Noi<\/a>\n\t\t\t<\/h4>\n\t\t\t\t\t\t<div class='uagb-post__text uagb-post-grid-byline'>\n\t\t\t\t\t\t\t<\/div>\n\t\t\t\t\t\t\t<div class='uagb-post__text uagb-post__excerpt'>\n\t\t\t\t\t<p>Mi Fido di Noi\u201d, nuovo strumento di microcredito sociale\u00a0promosso dalla Conferenza&#8230;\t\t\t\t<\/div>\n\t\t\t\n\t\t\t\t\t\t\t\t<a class=\"uagb-post__link-complete-box\" href=\"https:\/\/www.caritasbaribitonto.it\/public\/home\/2025\/08\/mi-fido-di-noi\/\" target=\"_self\" rel=\"bookmark noopener noreferrer\"><\/a>\n\t\t\t\t\t\t\t<\/article>\n\t\t\t\t\t\t\t\t\t\t\t\t\t\t\t\t<article class=\"uagb-post__inner-wrap\">\t\t\t\t\t\t\t\t<div class='uagb-post__image'>\n\t\t\t\t\t\t\t\t\t<a href=\"https:\/\/www.caritasbaribitonto.it\/public\/home\/2025\/09\/vince-chi-smette\/\" target=\"_self\" rel=\"bookmark noopener noreferrer\" class='uagb-image-ratio-2-3'><img loading=\"lazy\" decoding=\"async\" width=\"1024\" height=\"764\" src=\"https:\/\/www.caritasbaribitonto.it\/public\/home\/img\/uploads\/2025\/11\/image-1024x764.png\" class=\"attachment-large size-large\" alt=\"\" srcset=\"https:\/\/www.caritasbaribitonto.it\/public\/home\/img\/uploads\/2025\/11\/image-1024x764.png 1024w, https:\/\/www.caritasbaribitonto.it\/public\/home\/img\/uploads\/2025\/11\/image-300x224.png 300w, https:\/\/www.caritasbaribitonto.it\/public\/home\/img\/uploads\/2025\/11\/image-768x573.png 768w, https:\/\/www.caritasbaribitonto.it\/public\/home\/img\/uploads\/2025\/11\/image.png 1410w\" sizes=\"auto, (max-width: 1024px) 100vw, 1024px\" \/>\t\t\t\t\t<\/a>\n\t\t\t\t\t\t\t<\/div>\n\t\t\t\t\t\t<h4 class=\"uagb-post__title uagb-post__text\">\n\t\t\t\t<a href=\"https:\/\/www.caritasbaribitonto.it\/public\/home\/2025\/09\/vince-chi-smette\/\" target=\"_self\" rel=\"bookmark noopener noreferrer\">Vince chi smette<\/a>\n\t\t\t<\/h4>\n\t\t\t\t\t\t<div class='uagb-post__text uagb-post-grid-byline'>\n\t\t\t\t\t\t\t<\/div>\n\t\t\t\t\t\t\t<div class='uagb-post__text uagb-post__excerpt'>\n\t\t\t\t\t<p>Il progetto&nbsp;Vince chi smette, attraverso il quale Caritas promuove percorsi di&#8230;\t\t\t\t<\/div>\n\t\t\t\n\t\t\t\t\t\t\t\t<a class=\"uagb-post__link-complete-box\" href=\"https:\/\/www.caritasbaribitonto.it\/public\/home\/2025\/09\/vince-chi-smette\/\" target=\"_self\" rel=\"bookmark noopener noreferrer\"><\/a>\n\t\t\t\t\t\t\t<\/article>\n\t\t\t\t\t\t\t\t\t\t\t\t\t\t\t\t<article class=\"uagb-post__inner-wrap\">\t\t\t\t\t\t\t\t<div class='uagb-post__image'>\n\t\t\t\t\t\t\t\t\t<a href=\"https:\/\/www.caritasbaribitonto.it\/public\/home\/2025\/10\/emporio-della-salute\/\" target=\"_self\" rel=\"bookmark noopener noreferrer\" class='uagb-image-ratio-2-3'><img loading=\"lazy\" decoding=\"async\" width=\"1024\" height=\"576\" src=\"https:\/\/www.caritasbaribitonto.it\/public\/home\/img\/uploads\/2025\/11\/image-2-1024x576.png\" class=\"attachment-large size-large\" alt=\"\" srcset=\"https:\/\/www.caritasbaribitonto.it\/public\/home\/img\/uploads\/2025\/11\/image-2-1024x576.png 1024w, https:\/\/www.caritasbaribitonto.it\/public\/home\/img\/uploads\/2025\/11\/image-2-300x169.png 300w, https:\/\/www.caritasbaribitonto.it\/public\/home\/img\/uploads\/2025\/11\/image-2-768x432.png 768w, https:\/\/www.caritasbaribitonto.it\/public\/home\/img\/uploads\/2025\/11\/image-2-1536x864.png 1536w, https:\/\/www.caritasbaribitonto.it\/public\/home\/img\/uploads\/2025\/11\/image-2.png 1599w\" sizes=\"auto, (max-width: 1024px) 100vw, 1024px\" \/>\t\t\t\t\t<\/a>\n\t\t\t\t\t\t\t<\/div>\n\t\t\t\t\t\t<h4 class=\"uagb-post__title uagb-post__text\">\n\t\t\t\t<a href=\"https:\/\/www.caritasbaribitonto.it\/public\/home\/2025\/10\/emporio-della-salute\/\" target=\"_self\" rel=\"bookmark noopener noreferrer\">Emporio della Salute<\/a>\n\t\t\t<\/h4>\n\t\t\t\t\t\t<div class='uagb-post__text uagb-post-grid-byline'>\n\t\t\t\t\t\t\t<\/div>\n\t\t\t\t\t\t\t<div class='uagb-post__text uagb-post__excerpt'>\n\t\t\t\t\t<p>L&#8217;emporio della salute rientra nel progetto RA.DI.CI. (raccogliere, distribuire, curare insieme)&#8230;.\t\t\t\t<\/div>\n\t\t\t\n\t\t\t\t\t\t\t\t<a class=\"uagb-post__link-complete-box\" href=\"https:\/\/www.caritasbaribitonto.it\/public\/home\/2025\/10\/emporio-della-salute\/\" target=\"_self\" rel=\"bookmark noopener noreferrer\"><\/a>\n\t\t\t\t\t\t\t<\/article>\n\t\t\t\t\t\t\t\t\t\t\t<\/div>\n\t\t\t<\/div><\/div>\n\n\n\n<div class=\"wp-block-uagb-container uagb-block-ff887952 alignfull uagb-is-root-container\"><div class=\"uagb-container-inner-blocks-wrap\">\n<div class=\"wp-block-uagb-advanced-heading uagb-block-9536e49f\"><h3 class=\"uagb-heading-text\">In Evidenza<\/h3><div class=\"uagb-separator\"><\/div><\/div>\n\n\n\n\t\t\t<div class=\"wp-block-uagb-post-grid uagb-post-grid  uagb-post__image-position-top uagb-post__image-enabled uagb-block-12218019     uagb-post__items uagb-post__columns-4 is-grid uagb-post__columns-tablet-2 uagb-post__columns-mobile-1 uagb-post__equal-height\" data-total=\"71\" style=\"\">\n\n\t\t\t\t\t\t\t\t\t\t\t\t<article class=\"uagb-post__inner-wrap\">\t\t\t\t\t\t\t\t<div class='uagb-post__image'>\n\t\t\t\t\t\t\t\t\t<a href=\"https:\/\/www.caritasbaribitonto.it\/public\/home\/2026\/04\/la-carita-e-disarmante-orientamento-e-accompagnamento-della-caritas-bari-bitonto\/\" target=\"_self\" rel=\"bookmark noopener noreferrer\" class='uagb-image-ratio-2-3'><img loading=\"lazy\" decoding=\"async\" width=\"300\" height=\"131\" src=\"https:\/\/www.caritasbaribitonto.it\/public\/home\/img\/uploads\/2026\/04\/1b0ef4e3-7cf9-48a5-ad12-50ba1cd3ce98-1-e1777445270201-300x131.jpeg\" class=\"attachment-medium size-medium\" alt=\"\" srcset=\"https:\/\/www.caritasbaribitonto.it\/public\/home\/img\/uploads\/2026\/04\/1b0ef4e3-7cf9-48a5-ad12-50ba1cd3ce98-1-e1777445270201-300x131.jpeg 300w, https:\/\/www.caritasbaribitonto.it\/public\/home\/img\/uploads\/2026\/04\/1b0ef4e3-7cf9-48a5-ad12-50ba1cd3ce98-1-e1777445270201-1024x447.jpeg 1024w, https:\/\/www.caritasbaribitonto.it\/public\/home\/img\/uploads\/2026\/04\/1b0ef4e3-7cf9-48a5-ad12-50ba1cd3ce98-1-e1777445270201-768x335.jpeg 768w, https:\/\/www.caritasbaribitonto.it\/public\/home\/img\/uploads\/2026\/04\/1b0ef4e3-7cf9-48a5-ad12-50ba1cd3ce98-1-e1777445270201.jpeg 1415w\" sizes=\"auto, (max-width: 300px) 100vw, 300px\" \/>\t\t\t\t\t<\/a>\n\t\t\t\t\t\t\t<\/div>\n\t\t\t\t\t\t<h5 class=\"uagb-post__title uagb-post__text\">\n\t\t\t\t<a href=\"https:\/\/www.caritasbaribitonto.it\/public\/home\/2026\/04\/la-carita-e-disarmante-orientamento-e-accompagnamento-della-caritas-bari-bitonto\/\" target=\"_self\" rel=\"bookmark noopener noreferrer\">\u201cLa Carit\u00e0 \u00e8 disarmante\u201d:  orientamento e accompagnamento della Caritas Bari-Bitonto<\/a>\n\t\t\t<\/h5>\n\t\t\t\t\t\t<div class='uagb-post__text uagb-post-grid-byline'>\n\t\t\t\t\t\t\t\t<time datetime=\"2026-04-28T22:57:15+02:00\" class=\"uagb-post__date\">\n\t\t\t\t<span class=\"dashicons-calendar dashicons\"><\/span>\t\t\t\t\t28 Aprile 2026\t\t\t\t<\/time>\n\t\t\t\t\t\t<\/div>\n\t\t\t\t\t\t\t<div class='uagb-post__text uagb-post__excerpt'>\n\t\t\t\t\t<p>La Caritas Bari-Bitonto offre orientamento e accompagnamento a persone in situazione di fragilit\u00e0 sociale,&#8230;\t\t\t\t<\/div>\n\t\t\t\t\t\t<div class=\"uagb-post__text uagb-post__cta wp-block-button\">\n\t\t\t\t<a class=\"wp-block-button__link uagb-text-link\" style=\"\" href=\"https:\/\/www.caritasbaribitonto.it\/public\/home\/2026\/04\/la-carita-e-disarmante-orientamento-e-accompagnamento-della-caritas-bari-bitonto\/\" target=\"_self\" rel=\"bookmark noopener noreferrer\">Continua a leggere<\/a>\n\t\t\t<\/div>\n\t\t\t\n\t\t\t\t\t\t\t\t\t<\/article>\n\t\t\t\t\t\t\t\t\t\t\t\t\t\t\t\t<article class=\"uagb-post__inner-wrap\">\t\t\t\t\t\t\t\t<div class='uagb-post__image'>\n\t\t\t\t\t\t\t\t\t<a href=\"https:\/\/www.caritasbaribitonto.it\/public\/home\/2026\/03\/laboratorio-di-cartapesta-creativita-relazione-e-crescita-personale\/\" target=\"_self\" rel=\"bookmark noopener noreferrer\" class='uagb-image-ratio-2-3'><img loading=\"lazy\" decoding=\"async\" width=\"300\" height=\"163\" src=\"https:\/\/www.caritasbaribitonto.it\/public\/home\/img\/uploads\/2026\/03\/WhatsApp-Image-2026-03-24-at-15.40.29-e1774375091463-300x163.jpeg\" class=\"attachment-medium size-medium\" alt=\"\" srcset=\"https:\/\/www.caritasbaribitonto.it\/public\/home\/img\/uploads\/2026\/03\/WhatsApp-Image-2026-03-24-at-15.40.29-e1774375091463-300x163.jpeg 300w, https:\/\/www.caritasbaribitonto.it\/public\/home\/img\/uploads\/2026\/03\/WhatsApp-Image-2026-03-24-at-15.40.29-e1774375091463-1024x556.jpeg 1024w, https:\/\/www.caritasbaribitonto.it\/public\/home\/img\/uploads\/2026\/03\/WhatsApp-Image-2026-03-24-at-15.40.29-e1774375091463-768x417.jpeg 768w, https:\/\/www.caritasbaribitonto.it\/public\/home\/img\/uploads\/2026\/03\/WhatsApp-Image-2026-03-24-at-15.40.29-e1774375091463.jpeg 1447w\" sizes=\"auto, (max-width: 300px) 100vw, 300px\" \/>\t\t\t\t\t<\/a>\n\t\t\t\t\t\t\t<\/div>\n\t\t\t\t\t\t<h5 class=\"uagb-post__title uagb-post__text\">\n\t\t\t\t<a href=\"https:\/\/www.caritasbaribitonto.it\/public\/home\/2026\/03\/laboratorio-di-cartapesta-creativita-relazione-e-crescita-personale\/\" target=\"_self\" rel=\"bookmark noopener noreferrer\">Laboratorio di Cartapesta: creativit\u00e0, relazione e crescita personale<\/a>\n\t\t\t<\/h5>\n\t\t\t\t\t\t<div class='uagb-post__text uagb-post-grid-byline'>\n\t\t\t\t\t\t\t\t<time datetime=\"2026-03-24T19:04:08+01:00\" class=\"uagb-post__date\">\n\t\t\t\t<span class=\"dashicons-calendar dashicons\"><\/span>\t\t\t\t\t24 Marzo 2026\t\t\t\t<\/time>\n\t\t\t\t\t\t<\/div>\n\t\t\t\t\t\t\t<div class='uagb-post__text uagb-post__excerpt'>\n\t\t\t\t\t<p>Prende il via il Laboratorio di Cartapesta, un\u2019attivit\u00e0 laboratoriale pensata per favorire il potenziamento&#8230;\t\t\t\t<\/div>\n\t\t\t\t\t\t<div class=\"uagb-post__text uagb-post__cta wp-block-button\">\n\t\t\t\t<a class=\"wp-block-button__link uagb-text-link\" style=\"\" href=\"https:\/\/www.caritasbaribitonto.it\/public\/home\/2026\/03\/laboratorio-di-cartapesta-creativita-relazione-e-crescita-personale\/\" target=\"_self\" rel=\"bookmark noopener noreferrer\">Continua a leggere<\/a>\n\t\t\t<\/div>\n\t\t\t\n\t\t\t\t\t\t\t\t\t<\/article>\n\t\t\t\t\t\t\t\t\t\t\t\t\t\t\t\t<article class=\"uagb-post__inner-wrap\">\t\t\t\t\t\t\t\t<div class='uagb-post__image'>\n\t\t\t\t\t\t\t\t\t<a href=\"https:\/\/www.caritasbaribitonto.it\/public\/home\/2026\/03\/adotta-un-ospite-di-casa-o-s-a\/\" target=\"_self\" rel=\"bookmark noopener noreferrer\" class='uagb-image-ratio-2-3'><img loading=\"lazy\" decoding=\"async\" width=\"300\" height=\"143\" src=\"https:\/\/www.caritasbaribitonto.it\/public\/home\/img\/uploads\/2026\/03\/IMG_2558-Copy-300x143.jpeg\" class=\"attachment-medium size-medium\" alt=\"\" srcset=\"https:\/\/www.caritasbaribitonto.it\/public\/home\/img\/uploads\/2026\/03\/IMG_2558-Copy-300x143.jpeg 300w, https:\/\/www.caritasbaribitonto.it\/public\/home\/img\/uploads\/2026\/03\/IMG_2558-Copy-1024x487.jpeg 1024w, https:\/\/www.caritasbaribitonto.it\/public\/home\/img\/uploads\/2026\/03\/IMG_2558-Copy-768x365.jpeg 768w, https:\/\/www.caritasbaribitonto.it\/public\/home\/img\/uploads\/2026\/03\/IMG_2558-Copy.jpeg 1414w\" sizes=\"auto, (max-width: 300px) 100vw, 300px\" \/>\t\t\t\t\t<\/a>\n\t\t\t\t\t\t\t<\/div>\n\t\t\t\t\t\t<h5 class=\"uagb-post__title uagb-post__text\">\n\t\t\t\t<a href=\"https:\/\/www.caritasbaribitonto.it\/public\/home\/2026\/03\/adotta-un-ospite-di-casa-o-s-a\/\" target=\"_self\" rel=\"bookmark noopener noreferrer\">Adotta un ospite di casa O.S.A<\/a>\n\t\t\t<\/h5>\n\t\t\t\t\t\t<div class='uagb-post__text uagb-post-grid-byline'>\n\t\t\t\t\t\t\t\t<time datetime=\"2026-03-19T13:50:04+01:00\" class=\"uagb-post__date\">\n\t\t\t\t<span class=\"dashicons-calendar dashicons\"><\/span>\t\t\t\t\t19 Marzo 2026\t\t\t\t<\/time>\n\t\t\t\t\t\t<\/div>\n\t\t\t\t\t\t\t<div class='uagb-post__text uagb-post__excerpt'>\n\t\t\t\t\t<p>&#x1f3e0; Adotta un ospite di Casa O.S.A.: trasforma la solidariet\u00e0 in un gesto concreto!&#8230;\t\t\t\t<\/div>\n\t\t\t\t\t\t<div class=\"uagb-post__text uagb-post__cta wp-block-button\">\n\t\t\t\t<a class=\"wp-block-button__link uagb-text-link\" style=\"\" href=\"https:\/\/www.caritasbaribitonto.it\/public\/home\/2026\/03\/adotta-un-ospite-di-casa-o-s-a\/\" target=\"_self\" rel=\"bookmark noopener noreferrer\">Continua a leggere<\/a>\n\t\t\t<\/div>\n\t\t\t\n\t\t\t\t\t\t\t\t\t<\/article>\n\t\t\t\t\t\t\t\t\t\t\t\t\t\t\t\t<article class=\"uagb-post__inner-wrap\">\t\t\t\t\t\t\t\t<div class='uagb-post__image'>\n\t\t\t\t\t\t\t\t\t<a href=\"https:\/\/www.caritasbaribitonto.it\/public\/home\/2026\/03\/quaresima-di-carita-2026\/\" target=\"_self\" rel=\"bookmark noopener noreferrer\" class='uagb-image-ratio-2-3'><img loading=\"lazy\" decoding=\"async\" width=\"300\" height=\"300\" src=\"https:\/\/www.caritasbaribitonto.it\/public\/home\/img\/uploads\/2026\/03\/quaresimadicarita2026-300x300.jpeg\" class=\"attachment-medium size-medium\" alt=\"\" srcset=\"https:\/\/www.caritasbaribitonto.it\/public\/home\/img\/uploads\/2026\/03\/quaresimadicarita2026-300x300.jpeg 300w, https:\/\/www.caritasbaribitonto.it\/public\/home\/img\/uploads\/2026\/03\/quaresimadicarita2026-1024x1024.jpeg 1024w, https:\/\/www.caritasbaribitonto.it\/public\/home\/img\/uploads\/2026\/03\/quaresimadicarita2026-150x150.jpeg 150w, https:\/\/www.caritasbaribitonto.it\/public\/home\/img\/uploads\/2026\/03\/quaresimadicarita2026-768x768.jpeg 768w, https:\/\/www.caritasbaribitonto.it\/public\/home\/img\/uploads\/2026\/03\/quaresimadicarita2026.jpeg 1080w\" sizes=\"auto, (max-width: 300px) 100vw, 300px\" \/>\t\t\t\t\t<\/a>\n\t\t\t\t\t\t\t<\/div>\n\t\t\t\t\t\t<h5 class=\"uagb-post__title uagb-post__text\">\n\t\t\t\t<a href=\"https:\/\/www.caritasbaribitonto.it\/public\/home\/2026\/03\/quaresima-di-carita-2026\/\" target=\"_self\" rel=\"bookmark noopener noreferrer\">Quaresima di carit\u00e0 2026<\/a>\n\t\t\t<\/h5>\n\t\t\t\t\t\t<div class='uagb-post__text uagb-post-grid-byline'>\n\t\t\t\t\t\t\t\t<time datetime=\"2026-03-11T13:13:41+01:00\" class=\"uagb-post__date\">\n\t\t\t\t<span class=\"dashicons-calendar dashicons\"><\/span>\t\t\t\t\t11 Marzo 2026\t\t\t\t<\/time>\n\t\t\t\t\t\t<\/div>\n\t\t\t\t\t\t\t<div class='uagb-post__text uagb-post__excerpt'>\n\t\t\t\t\t<p>In occasione della quarta domenica di Quaresima, torna la Quaresima di Carit\u00e0, l\u2019iniziativa nazionale&#8230;\t\t\t\t<\/div>\n\t\t\t\t\t\t<div class=\"uagb-post__text uagb-post__cta wp-block-button\">\n\t\t\t\t<a class=\"wp-block-button__link uagb-text-link\" style=\"\" href=\"https:\/\/www.caritasbaribitonto.it\/public\/home\/2026\/03\/quaresima-di-carita-2026\/\" target=\"_self\" rel=\"bookmark noopener noreferrer\">Continua a leggere<\/a>\n\t\t\t<\/div>\n\t\t\t\n\t\t\t\t\t\t\t\t\t<\/article>\n\t\t\t\t\t\t\t\t\t\t\t\t\t<div class=\"uagb-post-pagination-wrap\">\n\t\t\t\t\t\t<span aria-current=\"page\" class=\"page-numbers current\">1<\/span>\r\n<a class=\"page-numbers\" href=\"https:\/\/www.caritasbaribitonto.it\/public\/home\/wp-json\/wp\/v2\/pages\/7216\/page\/2\/\">2<\/a>\r\n<a class=\"page-numbers\" href=\"https:\/\/www.caritasbaribitonto.it\/public\/home\/wp-json\/wp\/v2\/pages\/7216\/page\/3\/\">3<\/a>\r\n<a class=\"next page-numbers\" href=\"https:\/\/www.caritasbaribitonto.it\/public\/home\/wp-json\/wp\/v2\/pages\/7216\/page\/2\/\">Next \u00bb<\/a>\t\t\t\t\t<\/div>\n\t\t\t\t\t\t\t\t<\/div>\n\t\t\t<\/div><\/div>\n\n\n\n<div class=\"wp-block-uagb-container uagb-block-7541a095 alignfull uagb-is-root-container\"><div class=\"uagb-container-inner-blocks-wrap\">\n<div class=\"wp-block-uagb-container uagb-block-05135ba5\">\n<div class=\"wp-block-uagb-container uagb-block-0667d520 alignfull uagb-is-root-container\"><div class=\"uagb-container-inner-blocks-wrap\">\n<div class=\"wp-block-uagb-advanced-heading uagb-block-009e8c67\"><h3 class=\"uagb-heading-text\">Appuntamenti<\/h3><div class=\"uagb-separator\"><\/div><\/div>\n\n\n\n\t\t\t<div class=\"wp-block-uagb-post-grid uagb-post-grid  uagb-post__image-position-top uagb-post__image-enabled uagb-block-274f0a81     uagb-post__items uagb-post__columns-2 is-grid uagb-post__columns-tablet-2 uagb-post__columns-mobile-1 uagb-post__equal-height uagb-equal_height_inline-read-more-buttons\" data-total=\"53\" style=\"\">\n\n\t\t\t\t\t\t\t\t\t\t\t\t<article class=\"uagb-post__inner-wrap\">\t\t\t\t\t\t\t\t<div class='uagb-post__image'>\n\t\t\t\t\t\t\t\t\t<a href=\"https:\/\/www.caritasbaribitonto.it\/public\/home\/2026\/03\/cena-di-solidarieta\/\" target=\"_self\" rel=\"bookmark noopener noreferrer\" class='uagb-image-ratio-2-3'><img loading=\"lazy\" decoding=\"async\" width=\"768\" height=\"1086\" src=\"https:\/\/www.caritasbaribitonto.it\/public\/home\/img\/uploads\/2026\/03\/8c507048-0b3b-4c45-9d1d-c503233fc56d-768x1086.jpeg\" class=\"attachment-medium_large size-medium_large\" alt=\"\" srcset=\"https:\/\/www.caritasbaribitonto.it\/public\/home\/img\/uploads\/2026\/03\/8c507048-0b3b-4c45-9d1d-c503233fc56d-768x1086.jpeg 768w, https:\/\/www.caritasbaribitonto.it\/public\/home\/img\/uploads\/2026\/03\/8c507048-0b3b-4c45-9d1d-c503233fc56d-212x300.jpeg 212w, https:\/\/www.caritasbaribitonto.it\/public\/home\/img\/uploads\/2026\/03\/8c507048-0b3b-4c45-9d1d-c503233fc56d-724x1024.jpeg 724w, https:\/\/www.caritasbaribitonto.it\/public\/home\/img\/uploads\/2026\/03\/8c507048-0b3b-4c45-9d1d-c503233fc56d.jpeg 905w\" sizes=\"auto, (max-width: 768px) 100vw, 768px\" \/>\t\t\t\t\t<\/a>\n\t\t\t\t\t\t\t<\/div>\n\t\t\t\t\t\t<h4 class=\"uagb-post__title uagb-post__text\">\n\t\t\t\t<a href=\"https:\/\/www.caritasbaribitonto.it\/public\/home\/2026\/03\/cena-di-solidarieta\/\" target=\"_self\" rel=\"bookmark noopener noreferrer\">CENA DI SOLIDARIET\u00c0<\/a>\n\t\t\t<\/h4>\n\t\t\t\t\t\t<div class='uagb-post__text uagb-post-grid-byline'>\n\t\t\t\t\t\t\t\t<time datetime=\"2026-03-26T23:29:23+01:00\" class=\"uagb-post__date\">\n\t\t\t\t\t\t\t\t\t26 Marzo 2026\t\t\t\t<\/time>\n\t\t\t\t\t\t<\/div>\n\t\t\t\t\t\t\t<div class='uagb-post__text uagb-post__excerpt'>\n\t\t\t\t\t<p>Il triduo pasquale si apre con la celebrazione del Gioved\u00ec Santo,&#8230;\t\t\t\t<\/div>\n\t\t\t\n\t\t\t\t\t\t\t\t\t<\/article>\n\t\t\t\t\t\t\t\t\t\t\t\t\t\t\t\t<article class=\"uagb-post__inner-wrap\">\t\t\t\t\t\t\t\t<div class='uagb-post__image'>\n\t\t\t\t\t\t\t\t\t<a href=\"https:\/\/www.caritasbaribitonto.it\/public\/home\/2026\/03\/quaresima-di-carita-2026\/\" target=\"_self\" rel=\"bookmark noopener noreferrer\" class='uagb-image-ratio-2-3'><img loading=\"lazy\" decoding=\"async\" width=\"768\" height=\"768\" src=\"https:\/\/www.caritasbaribitonto.it\/public\/home\/img\/uploads\/2026\/03\/quaresimadicarita2026-768x768.jpeg\" class=\"attachment-medium_large size-medium_large\" alt=\"\" srcset=\"https:\/\/www.caritasbaribitonto.it\/public\/home\/img\/uploads\/2026\/03\/quaresimadicarita2026-768x768.jpeg 768w, https:\/\/www.caritasbaribitonto.it\/public\/home\/img\/uploads\/2026\/03\/quaresimadicarita2026-300x300.jpeg 300w, https:\/\/www.caritasbaribitonto.it\/public\/home\/img\/uploads\/2026\/03\/quaresimadicarita2026-1024x1024.jpeg 1024w, https:\/\/www.caritasbaribitonto.it\/public\/home\/img\/uploads\/2026\/03\/quaresimadicarita2026-150x150.jpeg 150w, https:\/\/www.caritasbaribitonto.it\/public\/home\/img\/uploads\/2026\/03\/quaresimadicarita2026.jpeg 1080w\" sizes=\"auto, (max-width: 768px) 100vw, 768px\" \/>\t\t\t\t\t<\/a>\n\t\t\t\t\t\t\t<\/div>\n\t\t\t\t\t\t<h4 class=\"uagb-post__title uagb-post__text\">\n\t\t\t\t<a href=\"https:\/\/www.caritasbaribitonto.it\/public\/home\/2026\/03\/quaresima-di-carita-2026\/\" target=\"_self\" rel=\"bookmark noopener noreferrer\">Quaresima di carit\u00e0 2026<\/a>\n\t\t\t<\/h4>\n\t\t\t\t\t\t<div class='uagb-post__text uagb-post-grid-byline'>\n\t\t\t\t\t\t\t\t<time datetime=\"2026-03-11T13:13:41+01:00\" class=\"uagb-post__date\">\n\t\t\t\t\t\t\t\t\t11 Marzo 2026\t\t\t\t<\/time>\n\t\t\t\t\t\t<\/div>\n\t\t\t\t\t\t\t<div class='uagb-post__text uagb-post__excerpt'>\n\t\t\t\t\t<p>In occasione della quarta domenica di Quaresima, torna la Quaresima di&#8230;\t\t\t\t<\/div>\n\t\t\t\n\t\t\t\t\t\t\t\t\t<\/article>\n\t\t\t\t\t\t\t\t\t\t\t<\/div>\n\t\t\t<\/div><\/div>\n<\/div>\n\n\n\n<div class=\"wp-block-uagb-container uagb-block-11af7076\">\n<div class=\"wp-block-uagb-container uagb-block-9503d35b alignfull uagb-is-root-container\"><div class=\"uagb-container-inner-blocks-wrap\">\n<div class=\"wp-block-uagb-advanced-heading uagb-block-b4060266\"><h3 class=\"uagb-heading-text\">News<\/h3><div class=\"uagb-separator\"><\/div><\/div>\n\n\n\n\t\t\t<div class=\"wp-block-uagb-post-grid uagb-post-grid  uagb-post__image-position-top uagb-post__image-enabled uagb-block-5c6d3e5d     uagb-post__items uagb-post__columns-2 is-grid uagb-post__columns-tablet-2 uagb-post__columns-mobile-1 uagb-post__equal-height uagb-equal_height_inline-read-more-buttons\" data-total=\"148\" style=\"\">\n\n\t\t\t\t\t\t\t\t\t\t\t\t<article class=\"uagb-post__inner-wrap\">\t\t\t\t\t\t\t\t<div class='uagb-post__image'>\n\t\t\t\t\t\t\t\t\t<a href=\"https:\/\/www.caritasbaribitonto.it\/public\/home\/2026\/04\/la-carita-e-disarmante-orientamento-e-accompagnamento-della-caritas-bari-bitonto\/\" target=\"_self\" rel=\"bookmark noopener noreferrer\" class='uagb-image-ratio-2-3'><img loading=\"lazy\" decoding=\"async\" width=\"768\" height=\"335\" src=\"https:\/\/www.caritasbaribitonto.it\/public\/home\/img\/uploads\/2026\/04\/1b0ef4e3-7cf9-48a5-ad12-50ba1cd3ce98-1-e1777445270201-768x335.jpeg\" class=\"attachment-medium_large size-medium_large\" alt=\"\" srcset=\"https:\/\/www.caritasbaribitonto.it\/public\/home\/img\/uploads\/2026\/04\/1b0ef4e3-7cf9-48a5-ad12-50ba1cd3ce98-1-e1777445270201-768x335.jpeg 768w, https:\/\/www.caritasbaribitonto.it\/public\/home\/img\/uploads\/2026\/04\/1b0ef4e3-7cf9-48a5-ad12-50ba1cd3ce98-1-e1777445270201-300x131.jpeg 300w, https:\/\/www.caritasbaribitonto.it\/public\/home\/img\/uploads\/2026\/04\/1b0ef4e3-7cf9-48a5-ad12-50ba1cd3ce98-1-e1777445270201-1024x447.jpeg 1024w, https:\/\/www.caritasbaribitonto.it\/public\/home\/img\/uploads\/2026\/04\/1b0ef4e3-7cf9-48a5-ad12-50ba1cd3ce98-1-e1777445270201.jpeg 1415w\" sizes=\"auto, (max-width: 768px) 100vw, 768px\" \/>\t\t\t\t\t<\/a>\n\t\t\t\t\t\t\t<\/div>\n\t\t\t\t\t\t<h6 class=\"uagb-post__title uagb-post__text\">\n\t\t\t\t<a href=\"https:\/\/www.caritasbaribitonto.it\/public\/home\/2026\/04\/la-carita-e-disarmante-orientamento-e-accompagnamento-della-caritas-bari-bitonto\/\" target=\"_self\" rel=\"bookmark noopener noreferrer\">\u201cLa Carit\u00e0 \u00e8 disarmante\u201d:  orientamento e accompagnamento della Caritas Bari-Bitonto<\/a>\n\t\t\t<\/h6>\n\t\t\t\t\t\t<div class='uagb-post__text uagb-post-grid-byline'>\n\t\t\t\t\t\t\t\t<time datetime=\"2026-04-28T22:57:15+02:00\" class=\"uagb-post__date\">\n\t\t\t\t\t\t\t\t\t28 Aprile 2026\t\t\t\t<\/time>\n\t\t\t\t\t\t<\/div>\n\t\t\t\t\t\t\t<div class='uagb-post__text uagb-post__excerpt'>\n\t\t\t\t\t<p>La Caritas Bari-Bitonto offre orientamento e accompagnamento a persone in situazione di fragilit\u00e0 sociale, sanitaria&#8230;\t\t\t\t<\/div>\n\t\t\t\n\t\t\t\t\t\t\t\t\t<\/article>\n\t\t\t\t\t\t\t\t\t\t\t\t\t\t\t\t<article class=\"uagb-post__inner-wrap\">\t\t\t\t\t\t\t\t<div class='uagb-post__image'>\n\t\t\t\t\t\t\t\t\t<a href=\"https:\/\/www.caritasbaribitonto.it\/public\/home\/2026\/03\/laboratorio-di-cartapesta-creativita-relazione-e-crescita-personale\/\" target=\"_self\" rel=\"bookmark noopener noreferrer\" class='uagb-image-ratio-2-3'><img loading=\"lazy\" decoding=\"async\" width=\"768\" height=\"417\" src=\"https:\/\/www.caritasbaribitonto.it\/public\/home\/img\/uploads\/2026\/03\/WhatsApp-Image-2026-03-24-at-15.40.29-e1774375091463-768x417.jpeg\" class=\"attachment-medium_large size-medium_large\" alt=\"\" srcset=\"https:\/\/www.caritasbaribitonto.it\/public\/home\/img\/uploads\/2026\/03\/WhatsApp-Image-2026-03-24-at-15.40.29-e1774375091463-768x417.jpeg 768w, https:\/\/www.caritasbaribitonto.it\/public\/home\/img\/uploads\/2026\/03\/WhatsApp-Image-2026-03-24-at-15.40.29-e1774375091463-300x163.jpeg 300w, https:\/\/www.caritasbaribitonto.it\/public\/home\/img\/uploads\/2026\/03\/WhatsApp-Image-2026-03-24-at-15.40.29-e1774375091463-1024x556.jpeg 1024w, https:\/\/www.caritasbaribitonto.it\/public\/home\/img\/uploads\/2026\/03\/WhatsApp-Image-2026-03-24-at-15.40.29-e1774375091463.jpeg 1447w\" sizes=\"auto, (max-width: 768px) 100vw, 768px\" \/>\t\t\t\t\t<\/a>\n\t\t\t\t\t\t\t<\/div>\n\t\t\t\t\t\t<h6 class=\"uagb-post__title uagb-post__text\">\n\t\t\t\t<a href=\"https:\/\/www.caritasbaribitonto.it\/public\/home\/2026\/03\/laboratorio-di-cartapesta-creativita-relazione-e-crescita-personale\/\" target=\"_self\" rel=\"bookmark noopener noreferrer\">Laboratorio di Cartapesta: creativit\u00e0, relazione e crescita personale<\/a>\n\t\t\t<\/h6>\n\t\t\t\t\t\t<div class='uagb-post__text uagb-post-grid-byline'>\n\t\t\t\t\t\t\t\t<time datetime=\"2026-03-24T19:04:08+01:00\" class=\"uagb-post__date\">\n\t\t\t\t\t\t\t\t\t24 Marzo 2026\t\t\t\t<\/time>\n\t\t\t\t\t\t<\/div>\n\t\t\t\t\t\t\t<div class='uagb-post__text uagb-post__excerpt'>\n\t\t\t\t\t<p>Prende il via il Laboratorio di Cartapesta, un\u2019attivit\u00e0 laboratoriale pensata per favorire il potenziamento delle&#8230;\t\t\t\t<\/div>\n\t\t\t\n\t\t\t\t\t\t\t\t\t<\/article>\n\t\t\t\t\t\t\t\t\t\t\t<\/div>\n\t\t\t<\/div><\/div>\n\n\n\n<div class=\"wp-block-uagb-call-to-action uagb-block-75b44045 wp-block-button\"><div class=\"uagb-cta__wrap\"><h3 class=\"uagb-cta__title\">Leggi le altre News<\/h3><p class=\"uagb-cta__desc\">Continua a leggere le altre novit\u00e0 delle Caritas Diocesana Bari-Bitonto<\/p><\/div><div class=\"uagb-cta__buttons\"><a href=\"caritasbaribitonto.it\/public\/home\/news\" class=\"uagb-cta__button-link-wrapper wp-block-button__link\" target=\"_self\" rel=\"noopener noreferrer\">NEWS<svg xmlns=\"https:\/\/www.w3.org\/2000\/svg\" viewBox=\"0 0 512 512\"><path d=\"M480 32H128C110.3 32 96 46.33 96 64v336C96 408.8 88.84 416 80 416S64 408.8 64 400V96H32C14.33 96 0 110.3 0 128v288c0 35.35 28.65 64 64 64h384c35.35 0 64-28.65 64-64V64C512 46.33 497.7 32 480 32zM272 416h-96C167.2 416 160 408.8 160 400C160 391.2 167.2 384 176 384h96c8.836 0 16 7.162 16 16C288 408.8 280.8 416 272 416zM272 320h-96C167.2 320 160 312.8 160 304C160 295.2 167.2 288 176 288h96C280.8 288 288 295.2 288 304C288 312.8 280.8 320 272 320zM432 416h-96c-8.836 0-16-7.164-16-16c0-8.838 7.164-16 16-16h96c8.836 0 16 7.162 16 16C448 408.8 440.8 416 432 416zM432 320h-96C327.2 320 320 312.8 320 304C320 295.2 327.2 288 336 288h96C440.8 288 448 295.2 448 304C448 312.8 440.8 320 432 320zM448 208C448 216.8 440.8 224 432 224h-256C167.2 224 160 216.8 160 208v-96C160 103.2 167.2 96 176 96h256C440.8 96 448 103.2 448 112V208z\"><\/path><\/svg><\/a><\/div><\/div>\n<\/div>\n<\/div><\/div>\n\n\n\n<p><\/p>\n","protected":false},"excerpt":{"rendered":"<p>Progetti La Caritas Bari-Bitonto realizza diversi progetti di solidariet\u00e0 e inclusione, alcuni finanziati attraverso i fondi 8&#215;1000 CEI. Alcune iniziative [&hellip;]<\/p>\n","protected":false},"author":1,"featured_media":7295,"parent":0,"menu_order":0,"comment_status":"closed","ping_status":"closed","template":"","meta":{"_uag_custom_page_level_css":"","site-sidebar-layout":"default","site-content-layout":"","ast-site-content-layout":"","site-content-style":"default","site-sidebar-style":"default","ast-global-header-display":"","ast-banner-title-visibility":"","ast-main-header-display":"","ast-hfb-above-header-display":"","ast-hfb-below-header-display":"","ast-hfb-mobile-header-display":"","site-post-title":"disabled","ast-breadcrumbs-content":"","ast-featured-img":"disabled","footer-sml-layout":"","theme-transparent-header-meta":"","adv-header-id-meta":"","stick-header-meta":"","header-above-stick-meta":"","header-main-stick-meta":"","header-below-stick-meta":"","astra-migrate-meta-layouts":"default","ast-page-background-enabled":"default","ast-page-background-meta":{"desktop":{"background-color":"var(--ast-global-color-5)","background-image":"","background-repeat":"repeat","background-position":"center center","background-size":"auto","background-attachment":"scroll","background-type":"","background-media":"","overlay-type":"","overlay-color":"","overlay-opacity":"","overlay-gradient":""},"tablet":{"background-color":"","background-image":"","background-repeat":"repeat","background-position":"center center","background-size":"auto","background-attachment":"scroll","background-type":"","background-media":"","overlay-type":"","overlay-color":"","overlay-opacity":"","overlay-gradient":""},"mobile":{"background-color":"","background-image":"","background-repeat":"repeat","background-position":"center center","background-size":"auto","background-attachment":"scroll","background-type":"","background-media":"","overlay-type":"","overlay-color":"","overlay-opacity":"","overlay-gradient":""}},"ast-content-background-meta":{"desktop":{"background-color":"var(--ast-global-color-4)","background-image":"","background-repeat":"repeat","background-position":"center center","background-size":"auto","background-attachment":"scroll","background-type":"","background-media":"","overlay-type":"","overlay-color":"","overlay-opacity":"","overlay-gradient":""},"tablet":{"background-color":"var(--ast-global-color-4)","background-image":"","background-repeat":"repeat","background-position":"center center","background-size":"auto","background-attachment":"scroll","background-type":"","background-media":"","overlay-type":"","overlay-color":"","overlay-opacity":"","overlay-gradient":""},"mobile":{"background-color":"var(--ast-global-color-4)","background-image":"","background-repeat":"repeat","background-position":"center center","background-size":"auto","background-attachment":"scroll","background-type":"","background-media":"","overlay-type":"","overlay-color":"","overlay-opacity":"","overlay-gradient":""}},"footnotes":""},"class_list":["post-7216","page","type-page","status-publish","has-post-thumbnail","hentry"],"yoast_head":"<!-- This site is optimized with the Yoast SEO plugin v26.8 - https:\/\/yoast.com\/product\/yoast-seo-wordpress\/ -->\r\n<title>Caritas Diocesana Bari-Bitonto<\/title>\r\n<meta name=\"description\" content=\"Caritas Diocesana Bari Bitonto: Centro di Ascolto Osservatorio Rapporti sulle povert\u00e0 e le risorse Mensa e Advocacy\" \/>\r\n<meta name=\"robots\" content=\"index, follow, max-snippet:-1, max-image-preview:large, max-video-preview:-1\" \/>\r\n<link rel=\"canonical\" href=\"https:\/\/www.caritasbaribitonto.it\/public\/home\/\" \/>\r\n<meta property=\"og:locale\" content=\"it_IT\" \/>\r\n<meta property=\"og:type\" content=\"article\" \/>\r\n<meta property=\"og:title\" content=\"Caritas Diocesana Bari-Bitonto\" \/>\r\n<meta property=\"og:description\" content=\"Caritas Diocesana Bari Bitonto: Centro di Ascolto Osservatorio Rapporti sulle povert\u00e0 e le risorse Mensa e Advocacy\" \/>\r\n<meta property=\"og:url\" content=\"https:\/\/www.caritasbaribitonto.it\/public\/home\/\" \/>\r\n<meta property=\"og:site_name\" content=\"Caritas Diocesana Bari-Bitonto\" \/>\r\n<meta property=\"article:publisher\" content=\"https:\/\/www.facebook.com\/pages\/Caritas-Diocesana-Bari-Bitonto\/533981476753770\" \/>\r\n<meta property=\"article:modified_time\" content=\"2025-12-12T09:50:09+00:00\" \/>\r\n<meta property=\"og:image\" content=\"https:\/\/www.caritasbaribitonto.it\/public\/home\/img\/uploads\/2025\/02\/caritas2025_350x112.png\" \/>\r\n\t<meta property=\"og:image:width\" content=\"350\" \/>\r\n\t<meta property=\"og:image:height\" content=\"112\" \/>\r\n\t<meta property=\"og:image:type\" content=\"image\/png\" \/>\r\n<meta name=\"twitter:card\" content=\"summary_large_image\" \/>\r\n<meta name=\"twitter:label1\" content=\"Tempo di lettura stimato\" \/>\n\t<meta name=\"twitter:data1\" content=\"3 minuti\" \/>\r\n<script type=\"application\/ld+json\" class=\"yoast-schema-graph\">{\"@context\":\"https:\/\/schema.org\",\"@graph\":[{\"@type\":\"WebPage\",\"@id\":\"https:\/\/www.caritasbaribitonto.it\/public\/home\/\",\"url\":\"https:\/\/www.caritasbaribitonto.it\/public\/home\/\",\"name\":\"Caritas Diocesana Bari-Bitonto\",\"isPartOf\":{\"@id\":\"https:\/\/www.caritasbaribitonto.it\/public\/home\/#website\"},\"primaryImageOfPage\":{\"@id\":\"https:\/\/www.caritasbaribitonto.it\/public\/home\/#primaryimage\"},\"image\":{\"@id\":\"https:\/\/www.caritasbaribitonto.it\/public\/home\/#primaryimage\"},\"thumbnailUrl\":\"https:\/\/www.caritasbaribitonto.it\/public\/home\/img\/uploads\/2025\/02\/caritas2025_350x112.png\",\"datePublished\":\"2025-02-24T22:57:01+00:00\",\"dateModified\":\"2025-12-12T09:50:09+00:00\",\"description\":\"Caritas Diocesana Bari Bitonto: Centro di Ascolto Osservatorio Rapporti sulle povert\u00e0 e le risorse Mensa e Advocacy\",\"breadcrumb\":{\"@id\":\"https:\/\/www.caritasbaribitonto.it\/public\/home\/#breadcrumb\"},\"inLanguage\":\"it-IT\",\"potentialAction\":[{\"@type\":\"ReadAction\",\"target\":[\"https:\/\/www.caritasbaribitonto.it\/public\/home\/\"]}]},{\"@type\":\"ImageObject\",\"inLanguage\":\"it-IT\",\"@id\":\"https:\/\/www.caritasbaribitonto.it\/public\/home\/#primaryimage\",\"url\":\"https:\/\/www.caritasbaribitonto.it\/public\/home\/img\/uploads\/2025\/02\/caritas2025_350x112.png\",\"contentUrl\":\"https:\/\/www.caritasbaribitonto.it\/public\/home\/img\/uploads\/2025\/02\/caritas2025_350x112.png\",\"width\":350,\"height\":112},{\"@type\":\"BreadcrumbList\",\"@id\":\"https:\/\/www.caritasbaribitonto.it\/public\/home\/#breadcrumb\",\"itemListElement\":[{\"@type\":\"ListItem\",\"position\":1,\"name\":\"Home\",\"item\":\"https:\/\/www.caritasbaribitonto.it\/public\/home\/\"},{\"@type\":\"ListItem\",\"position\":2,\"name\":\"Caritas Bari-Bitonto\"}]},{\"@type\":\"WebSite\",\"@id\":\"https:\/\/www.caritasbaribitonto.it\/public\/home\/#website\",\"url\":\"https:\/\/www.caritasbaribitonto.it\/public\/home\/\",\"name\":\"Caritas Diocesana Bari-Bitonto\",\"description\":\"I santi della porta accanto\",\"publisher\":{\"@id\":\"https:\/\/www.caritasbaribitonto.it\/public\/home\/#organization\"},\"potentialAction\":[{\"@type\":\"SearchAction\",\"target\":{\"@type\":\"EntryPoint\",\"urlTemplate\":\"https:\/\/www.caritasbaribitonto.it\/public\/home\/?s={search_term_string}\"},\"query-input\":{\"@type\":\"PropertyValueSpecification\",\"valueRequired\":true,\"valueName\":\"search_term_string\"}}],\"inLanguage\":\"it-IT\"},{\"@type\":\"Organization\",\"@id\":\"https:\/\/www.caritasbaribitonto.it\/public\/home\/#organization\",\"name\":\"Caritas Diocesana Bari-Bitonto\",\"url\":\"https:\/\/www.caritasbaribitonto.it\/public\/home\/\",\"logo\":{\"@type\":\"ImageObject\",\"inLanguage\":\"it-IT\",\"@id\":\"https:\/\/www.caritasbaribitonto.it\/public\/home\/#\/schema\/logo\/image\/\",\"url\":\"https:\/\/www.caritasbaribitonto.it\/public\/home\/img\/uploads\/2025\/02\/cropped-cropped-caritas2025_350x112.png\",\"contentUrl\":\"https:\/\/www.caritasbaribitonto.it\/public\/home\/img\/uploads\/2025\/02\/cropped-cropped-caritas2025_350x112.png\",\"width\":350,\"height\":112,\"caption\":\"Caritas Diocesana Bari-Bitonto\"},\"image\":{\"@id\":\"https:\/\/www.caritasbaribitonto.it\/public\/home\/#\/schema\/logo\/image\/\"},\"sameAs\":[\"https:\/\/www.facebook.com\/pages\/Caritas-Diocesana-Bari-Bitonto\/533981476753770\"]}]}<\/script>\r\n<!-- \/ Yoast SEO plugin. -->","yoast_head_json":{"title":"Caritas Diocesana Bari-Bitonto","description":"Caritas Diocesana Bari Bitonto: Centro di Ascolto Osservatorio Rapporti sulle povert\u00e0 e le risorse Mensa e Advocacy","robots":{"index":"index","follow":"follow","max-snippet":"max-snippet:-1","max-image-preview":"max-image-preview:large","max-video-preview":"max-video-preview:-1"},"canonical":"https:\/\/www.caritasbaribitonto.it\/public\/home\/","og_locale":"it_IT","og_type":"article","og_title":"Caritas Diocesana Bari-Bitonto","og_description":"Caritas Diocesana Bari Bitonto: Centro di Ascolto Osservatorio Rapporti sulle povert\u00e0 e le risorse Mensa e Advocacy","og_url":"https:\/\/www.caritasbaribitonto.it\/public\/home\/","og_site_name":"Caritas Diocesana Bari-Bitonto","article_publisher":"https:\/\/www.facebook.com\/pages\/Caritas-Diocesana-Bari-Bitonto\/533981476753770","article_modified_time":"2025-12-12T09:50:09+00:00","og_image":[{"width":350,"height":112,"url":"https:\/\/www.caritasbaribitonto.it\/public\/home\/img\/uploads\/2025\/02\/caritas2025_350x112.png","type":"image\/png"}],"twitter_card":"summary_large_image","twitter_misc":{"Tempo di lettura stimato":"3 minuti"},"schema":{"@context":"https:\/\/schema.org","@graph":[{"@type":"WebPage","@id":"https:\/\/www.caritasbaribitonto.it\/public\/home\/","url":"https:\/\/www.caritasbaribitonto.it\/public\/home\/","name":"Caritas Diocesana Bari-Bitonto","isPartOf":{"@id":"https:\/\/www.caritasbaribitonto.it\/public\/home\/#website"},"primaryImageOfPage":{"@id":"https:\/\/www.caritasbaribitonto.it\/public\/home\/#primaryimage"},"image":{"@id":"https:\/\/www.caritasbaribitonto.it\/public\/home\/#primaryimage"},"thumbnailUrl":"https:\/\/www.caritasbaribitonto.it\/public\/home\/img\/uploads\/2025\/02\/caritas2025_350x112.png","datePublished":"2025-02-24T22:57:01+00:00","dateModified":"2025-12-12T09:50:09+00:00","description":"Caritas Diocesana Bari Bitonto: Centro di Ascolto Osservatorio Rapporti sulle povert\u00e0 e le risorse Mensa e Advocacy","breadcrumb":{"@id":"https:\/\/www.caritasbaribitonto.it\/public\/home\/#breadcrumb"},"inLanguage":"it-IT","potentialAction":[{"@type":"ReadAction","target":["https:\/\/www.caritasbaribitonto.it\/public\/home\/"]}]},{"@type":"ImageObject","inLanguage":"it-IT","@id":"https:\/\/www.caritasbaribitonto.it\/public\/home\/#primaryimage","url":"https:\/\/www.caritasbaribitonto.it\/public\/home\/img\/uploads\/2025\/02\/caritas2025_350x112.png","contentUrl":"https:\/\/www.caritasbaribitonto.it\/public\/home\/img\/uploads\/2025\/02\/caritas2025_350x112.png","width":350,"height":112},{"@type":"BreadcrumbList","@id":"https:\/\/www.caritasbaribitonto.it\/public\/home\/#breadcrumb","itemListElement":[{"@type":"ListItem","position":1,"name":"Home","item":"https:\/\/www.caritasbaribitonto.it\/public\/home\/"},{"@type":"ListItem","position":2,"name":"Caritas Bari-Bitonto"}]},{"@type":"WebSite","@id":"https:\/\/www.caritasbaribitonto.it\/public\/home\/#website","url":"https:\/\/www.caritasbaribitonto.it\/public\/home\/","name":"Caritas Diocesana Bari-Bitonto","description":"I santi della porta accanto","publisher":{"@id":"https:\/\/www.caritasbaribitonto.it\/public\/home\/#organization"},"potentialAction":[{"@type":"SearchAction","target":{"@type":"EntryPoint","urlTemplate":"https:\/\/www.caritasbaribitonto.it\/public\/home\/?s={search_term_string}"},"query-input":{"@type":"PropertyValueSpecification","valueRequired":true,"valueName":"search_term_string"}}],"inLanguage":"it-IT"},{"@type":"Organization","@id":"https:\/\/www.caritasbaribitonto.it\/public\/home\/#organization","name":"Caritas Diocesana Bari-Bitonto","url":"https:\/\/www.caritasbaribitonto.it\/public\/home\/","logo":{"@type":"ImageObject","inLanguage":"it-IT","@id":"https:\/\/www.caritasbaribitonto.it\/public\/home\/#\/schema\/logo\/image\/","url":"https:\/\/www.caritasbaribitonto.it\/public\/home\/img\/uploads\/2025\/02\/cropped-cropped-caritas2025_350x112.png","contentUrl":"https:\/\/www.caritasbaribitonto.it\/public\/home\/img\/uploads\/2025\/02\/cropped-cropped-caritas2025_350x112.png","width":350,"height":112,"caption":"Caritas Diocesana Bari-Bitonto"},"image":{"@id":"https:\/\/www.caritasbaribitonto.it\/public\/home\/#\/schema\/logo\/image\/"},"sameAs":["https:\/\/www.facebook.com\/pages\/Caritas-Diocesana-Bari-Bitonto\/533981476753770"]}]}},"uagb_featured_image_src":{"full":["https:\/\/www.caritasbaribitonto.it\/public\/home\/img\/uploads\/2025\/02\/caritas2025_350x112.png",350,112,false],"thumbnail":["https:\/\/www.caritasbaribitonto.it\/public\/home\/img\/uploads\/2025\/02\/caritas2025_350x112-150x112.png",150,112,true],"medium":["https:\/\/www.caritasbaribitonto.it\/public\/home\/img\/uploads\/2025\/02\/caritas2025_350x112-300x96.png",300,96,true],"medium_large":["https:\/\/www.caritasbaribitonto.it\/public\/home\/img\/uploads\/2025\/02\/caritas2025_350x112.png",350,112,false],"large":["https:\/\/www.caritasbaribitonto.it\/public\/home\/img\/uploads\/2025\/02\/caritas2025_350x112.png",350,112,false],"1536x1536":["https:\/\/www.caritasbaribitonto.it\/public\/home\/img\/uploads\/2025\/02\/caritas2025_350x112.png",350,112,false],"2048x2048":["https:\/\/www.caritasbaribitonto.it\/public\/home\/img\/uploads\/2025\/02\/caritas2025_350x112.png",350,112,false]},"uagb_author_info":{"display_name":"Giovanni Caputo","author_link":"https:\/\/www.caritasbaribitonto.it\/public\/home\/author\/admin\/"},"uagb_comment_info":0,"uagb_excerpt":"Progetti La Caritas Bari-Bitonto realizza diversi progetti di solidariet\u00e0 e inclusione, alcuni finanziati attraverso i fondi 8&#215;1000 CEI. Alcune iniziative [&hellip;]","_links":{"self":[{"href":"https:\/\/www.caritasbaribitonto.it\/public\/home\/wp-json\/wp\/v2\/pages\/7216","targetHints":{"allow":["GET"]}}],"collection":[{"href":"https:\/\/www.caritasbaribitonto.it\/public\/home\/wp-json\/wp\/v2\/pages"}],"about":[{"href":"https:\/\/www.caritasbaribitonto.it\/public\/home\/wp-json\/wp\/v2\/types\/page"}],"author":[{"embeddable":true,"href":"https:\/\/www.caritasbaribitonto.it\/public\/home\/wp-json\/wp\/v2\/users\/1"}],"replies":[{"embeddable":true,"href":"https:\/\/www.caritasbaribitonto.it\/public\/home\/wp-json\/wp\/v2\/comments?post=7216"}],"version-history":[{"count":23,"href":"https:\/\/www.caritasbaribitonto.it\/public\/home\/wp-json\/wp\/v2\/pages\/7216\/revisions"}],"predecessor-version":[{"id":8423,"href":"https:\/\/www.caritasbaribitonto.it\/public\/home\/wp-json\/wp\/v2\/pages\/7216\/revisions\/8423"}],"wp:featuredmedia":[{"embeddable":true,"href":"https:\/\/www.caritasbaribitonto.it\/public\/home\/wp-json\/wp\/v2\/media\/7295"}],"wp:attachment":[{"href":"https:\/\/www.caritasbaribitonto.it\/public\/home\/wp-json\/wp\/v2\/media?parent=7216"}],"curies":[{"name":"wp","href":"https:\/\/api.w.org\/{rel}","templated":true}]}}